{"id":4414,"date":"2025-04-02T13:48:15","date_gmt":"2025-04-02T13:48:15","guid":{"rendered":"https:\/\/www.dicomevents.com\/proyecto\/ebro-barcelona-motor-show\/"},"modified":"2025-05-22T14:15:20","modified_gmt":"2025-05-22T14:15:20","slug":"ebro-barcelona-motor-show","status":"publish","type":"proyecto","link":"https:\/\/www.dicomevents.com\/es\/proyecto\/ebro-barcelona-motor-show\/","title":{"rendered":"EBRO Sal\u00f3n del autom\u00f3vil"},"content":{"rendered":"\r\n<section  class=\"block-project-intro highlightable py-12 lg:py-20 grid gap-4 lg:grid-cols-2\">\r\n\r\n\t<div class=\"max-w-2xl\">\r\n\t\t\t\t\t<h2 class=\"font-light text-3xl leading-tight\">\r\n\t\t\t\tP\u00fablico externo <br>Barcelona, Spain.\t\t\t<\/h2>\r\n\t\t\t<\/div>\r\n\r\n\t<div>\r\n\t\t\t\t\t<div>\r\n\t\t\t\t<p>Durante el Sal\u00f3n del Autom\u00f3vil de 2025, EBRO volvi\u00f3 con fuerza, y tuvimos el privilegio de formar parte de esta ocasi\u00f3n trascendental.<\/p>\n\t\t\t<\/div>\r\n\t\t\t<\/div>\r\n\r\n<\/section>\n\n\r\n<section  class=\"block-before-after has-text-color has-white-color pb-12 lg:py-20\">\r\n\r\n\t<div class=\"\">\r\n\r\n\t\t<div class=\"before-after aspect-4\/3 lg:aspect-video relative w-full flex flex-col justify-center overflow-hidden\">\r\n\t\t\t\r\n\t\t\t<div class=\"before-after__before absolute left-0 top-0 w-full h-full overflow-hidden z-20\">\r\n\t\t\t\t<img decoding=\"async\" width=\"2560\" height=\"1440\" src=\"https:\/\/www.dicomevents.com\/wp-content\/uploads\/2025\/05\/WEB-Salon-del-Automovil-DICOM-20250509-Barcelona-MoneoMoneo-0003-scaled.jpg\" class=\"w-full h-full object-cover max-w-none\" alt=\"\" srcset=\"https:\/\/www.dicomevents.com\/wp-content\/uploads\/2025\/05\/WEB-Salon-del-Automovil-DICOM-20250509-Barcelona-MoneoMoneo-0003-scaled.jpg 2560w, https:\/\/www.dicomevents.com\/wp-content\/uploads\/2025\/05\/WEB-Salon-del-Automovil-DICOM-20250509-Barcelona-MoneoMoneo-0003-480x270.jpg 480w, https:\/\/www.dicomevents.com\/wp-content\/uploads\/2025\/05\/WEB-Salon-del-Automovil-DICOM-20250509-Barcelona-MoneoMoneo-0003-986x555.jpg 986w, https:\/\/www.dicomevents.com\/wp-content\/uploads\/2025\/05\/WEB-Salon-del-Automovil-DICOM-20250509-Barcelona-MoneoMoneo-0003-768x432.jpg 768w, https:\/\/www.dicomevents.com\/wp-content\/uploads\/2025\/05\/WEB-Salon-del-Automovil-DICOM-20250509-Barcelona-MoneoMoneo-0003-1536x864.jpg 1536w, https:\/\/www.dicomevents.com\/wp-content\/uploads\/2025\/05\/WEB-Salon-del-Automovil-DICOM-20250509-Barcelona-MoneoMoneo-0003-2048x1152.jpg 2048w, https:\/\/www.dicomevents.com\/wp-content\/uploads\/2025\/05\/WEB-Salon-del-Automovil-DICOM-20250509-Barcelona-MoneoMoneo-0003-380x214.jpg 380w\" sizes=\"(max-width: 2560px) 100vw, 2560px\">\r\n\t\t\t\t\t\t\t\t\t<span class=\"absolute left-4 xl:left-6 bottom-3 font-extrabold\">\r\n\t\t\t\t\t\tRealidad\t\t\t\t\t<\/span>\r\n\t\t\t\t\t\t\t<\/div>\r\n\r\n\t\t\t<div class=\"before-after__after absolute left-0 top-0 w-full h-full overflow-hidden z-10\">\r\n\t\t\t\t<img decoding=\"async\" width=\"1920\" height=\"1080\" src=\"https:\/\/www.dicomevents.com\/wp-content\/uploads\/2025\/05\/043_V9_EBRO_STAND-SALON-DEL-AUTOMOVIL_RENDER07.png\" class=\"w-full h-full object-cover max-w-none\" alt=\"\" srcset=\"https:\/\/www.dicomevents.com\/wp-content\/uploads\/2025\/05\/043_V9_EBRO_STAND-SALON-DEL-AUTOMOVIL_RENDER07.png 1920w, https:\/\/www.dicomevents.com\/wp-content\/uploads\/2025\/05\/043_V9_EBRO_STAND-SALON-DEL-AUTOMOVIL_RENDER07-480x270.png 480w, https:\/\/www.dicomevents.com\/wp-content\/uploads\/2025\/05\/043_V9_EBRO_STAND-SALON-DEL-AUTOMOVIL_RENDER07-986x555.png 986w, https:\/\/www.dicomevents.com\/wp-content\/uploads\/2025\/05\/043_V9_EBRO_STAND-SALON-DEL-AUTOMOVIL_RENDER07-768x432.png 768w, https:\/\/www.dicomevents.com\/wp-content\/uploads\/2025\/05\/043_V9_EBRO_STAND-SALON-DEL-AUTOMOVIL_RENDER07-1536x864.png 1536w, https:\/\/www.dicomevents.com\/wp-content\/uploads\/2025\/05\/043_V9_EBRO_STAND-SALON-DEL-AUTOMOVIL_RENDER07-380x214.png 380w\" sizes=\"(max-width: 1920px) 100vw, 1920px\">\r\n\t\t\t\t\t\t\t\t\t<span class=\"absolute right-4 xl:right-6 bottom-3 font-extrabold\">\r\n\t\t\t\t\t\tRender\t\t\t\t\t<\/span>\r\n\t\t\t\t\t\t\t<\/div>\r\n\r\n\t\t\t<input type=\"range\" value=\"50\" min=\"0\" max=\"100\" class=\"before-after__range relative z-20 w-full\">\r\n\r\n\t\t<\/div>\r\n\r\n\t<\/div>\r\n\r\n<\/section>\n\n\n<p><\/p>\n\n\n\n<p class=\"has-text-align-center\">Conceptualizamos, dise\u00f1amos y construimos un stand de 600 m\u00b2 que aunaba historia, presente e innovaci\u00f3n en una experiencia \u00fanica.<\/p>\n\n\n\n<p class=\"has-text-align-center\">Una arquitectura de l\u00edneas puras y colores sobrios rend\u00eda homenaje al legado de la marca al tiempo que proyectaba con audacia su visi\u00f3n de futuro. La imponente fachada, concebida como un lienzo vivo, cobraba vida a trav\u00e9s de contenidos audiovisuales que cautivaban los sentidos y contaban una historia envolvente.<\/p>\n\n\n\n<p class=\"has-text-align-center\"><br><\/p>\n\n\n\n<figure class=\"wp-block-gallery has-nested-images columns-default is-cropped wp-block-gallery-1 is-layout-flex wp-block-gallery-is-layout-flex\">\n<figure class=\"wp-block-image size-large\"><img decoding=\"async\" width=\"986\" height=\"657\" data-id=\"4398\" src=\"https:\/\/www.dicomevents.com\/wp-content\/uploads\/2025\/05\/WEB-Salon-del-Automovil-DICOM-20250509-Barcelona-MoneoMoneo-0011-986x657.jpg\" alt=\"\" class=\"wp-image-4398\" srcset=\"https:\/\/www.dicomevents.com\/wp-content\/uploads\/2025\/05\/WEB-Salon-del-Automovil-DICOM-20250509-Barcelona-MoneoMoneo-0011-986x657.jpg 986w, https:\/\/www.dicomevents.com\/wp-content\/uploads\/2025\/05\/WEB-Salon-del-Automovil-DICOM-20250509-Barcelona-MoneoMoneo-0011-480x320.jpg 480w, https:\/\/www.dicomevents.com\/wp-content\/uploads\/2025\/05\/WEB-Salon-del-Automovil-DICOM-20250509-Barcelona-MoneoMoneo-0011-768x512.jpg 768w, https:\/\/www.dicomevents.com\/wp-content\/uploads\/2025\/05\/WEB-Salon-del-Automovil-DICOM-20250509-Barcelona-MoneoMoneo-0011-1536x1024.jpg 1536w, https:\/\/www.dicomevents.com\/wp-content\/uploads\/2025\/05\/WEB-Salon-del-Automovil-DICOM-20250509-Barcelona-MoneoMoneo-0011-2048x1365.jpg 2048w, https:\/\/www.dicomevents.com\/wp-content\/uploads\/2025\/05\/WEB-Salon-del-Automovil-DICOM-20250509-Barcelona-MoneoMoneo-0011-380x253.jpg 380w\" sizes=\"(max-width: 986px) 100vw, 986px\" \/><\/figure>\n\n\n\n<figure class=\"wp-block-image size-large\"><img decoding=\"async\" width=\"986\" height=\"555\" data-id=\"4400\" src=\"https:\/\/www.dicomevents.com\/wp-content\/uploads\/2025\/05\/WEB-Salon-del-Automovil-DICOM-20250509-Barcelona-MoneoMoneo-0019-986x555.jpg\" alt=\"\" class=\"wp-image-4400\" srcset=\"https:\/\/www.dicomevents.com\/wp-content\/uploads\/2025\/05\/WEB-Salon-del-Automovil-DICOM-20250509-Barcelona-MoneoMoneo-0019-986x555.jpg 986w, https:\/\/www.dicomevents.com\/wp-content\/uploads\/2025\/05\/WEB-Salon-del-Automovil-DICOM-20250509-Barcelona-MoneoMoneo-0019-480x270.jpg 480w, https:\/\/www.dicomevents.com\/wp-content\/uploads\/2025\/05\/WEB-Salon-del-Automovil-DICOM-20250509-Barcelona-MoneoMoneo-0019-768x432.jpg 768w, https:\/\/www.dicomevents.com\/wp-content\/uploads\/2025\/05\/WEB-Salon-del-Automovil-DICOM-20250509-Barcelona-MoneoMoneo-0019-1536x864.jpg 1536w, https:\/\/www.dicomevents.com\/wp-content\/uploads\/2025\/05\/WEB-Salon-del-Automovil-DICOM-20250509-Barcelona-MoneoMoneo-0019-2048x1152.jpg 2048w, https:\/\/www.dicomevents.com\/wp-content\/uploads\/2025\/05\/WEB-Salon-del-Automovil-DICOM-20250509-Barcelona-MoneoMoneo-0019-380x214.jpg 380w\" sizes=\"(max-width: 986px) 100vw, 986px\" \/><\/figure>\n<\/figure>\n\n\n\n<p><\/p>\n\n\n\n<p class=\"has-text-align-center\">El punto culminante fue el lanzamiento del nuevo S400, un modelo que encarna el compromiso de EBRO con la innovaci\u00f3n y el dise\u00f1o de vanguardia.<\/p>\n\n\n\n<p class=\"has-text-align-center\">El espacio tambi\u00e9n ofreci\u00f3 salas de reuniones, servicio personalizado, una zona de almuerzo para invitados y una prueba de conducci\u00f3n al aire libre, donde los asistentes pudieron experimentar EBRO en movimiento.<\/p>\n\n\n\n<p><\/p>\n\n\n\n<figure class=\"wp-block-gallery has-nested-images columns-default is-cropped wp-block-gallery-2 is-layout-flex wp-block-gallery-is-layout-flex\">\n<figure class=\"wp-block-image size-large\"><img decoding=\"async\" width=\"986\" height=\"657\" data-id=\"4402\" src=\"https:\/\/www.dicomevents.com\/wp-content\/uploads\/2025\/05\/WEB-Salon-del-Automovil-DICOM-20250509-Barcelona-MoneoMoneo-0124-986x657.jpg\" alt=\"\" class=\"wp-image-4402\" srcset=\"https:\/\/www.dicomevents.com\/wp-content\/uploads\/2025\/05\/WEB-Salon-del-Automovil-DICOM-20250509-Barcelona-MoneoMoneo-0124-986x657.jpg 986w, https:\/\/www.dicomevents.com\/wp-content\/uploads\/2025\/05\/WEB-Salon-del-Automovil-DICOM-20250509-Barcelona-MoneoMoneo-0124-480x320.jpg 480w, https:\/\/www.dicomevents.com\/wp-content\/uploads\/2025\/05\/WEB-Salon-del-Automovil-DICOM-20250509-Barcelona-MoneoMoneo-0124-768x512.jpg 768w, https:\/\/www.dicomevents.com\/wp-content\/uploads\/2025\/05\/WEB-Salon-del-Automovil-DICOM-20250509-Barcelona-MoneoMoneo-0124-1536x1024.jpg 1536w, https:\/\/www.dicomevents.com\/wp-content\/uploads\/2025\/05\/WEB-Salon-del-Automovil-DICOM-20250509-Barcelona-MoneoMoneo-0124-2048x1365.jpg 2048w, https:\/\/www.dicomevents.com\/wp-content\/uploads\/2025\/05\/WEB-Salon-del-Automovil-DICOM-20250509-Barcelona-MoneoMoneo-0124-380x253.jpg 380w\" sizes=\"(max-width: 986px) 100vw, 986px\" \/><\/figure>\n\n\n\n<figure class=\"wp-block-image size-large\"><img decoding=\"async\" width=\"986\" height=\"657\" data-id=\"4404\" src=\"https:\/\/www.dicomevents.com\/wp-content\/uploads\/2025\/05\/WEB-Salon-del-Automovil-DICOM-20250509-Barcelona-MoneoMoneo-0115-986x657.jpg\" alt=\"\" class=\"wp-image-4404\" srcset=\"https:\/\/www.dicomevents.com\/wp-content\/uploads\/2025\/05\/WEB-Salon-del-Automovil-DICOM-20250509-Barcelona-MoneoMoneo-0115-986x657.jpg 986w, https:\/\/www.dicomevents.com\/wp-content\/uploads\/2025\/05\/WEB-Salon-del-Automovil-DICOM-20250509-Barcelona-MoneoMoneo-0115-480x320.jpg 480w, https:\/\/www.dicomevents.com\/wp-content\/uploads\/2025\/05\/WEB-Salon-del-Automovil-DICOM-20250509-Barcelona-MoneoMoneo-0115-768x512.jpg 768w, https:\/\/www.dicomevents.com\/wp-content\/uploads\/2025\/05\/WEB-Salon-del-Automovil-DICOM-20250509-Barcelona-MoneoMoneo-0115-1536x1024.jpg 1536w, https:\/\/www.dicomevents.com\/wp-content\/uploads\/2025\/05\/WEB-Salon-del-Automovil-DICOM-20250509-Barcelona-MoneoMoneo-0115-2048x1365.jpg 2048w, https:\/\/www.dicomevents.com\/wp-content\/uploads\/2025\/05\/WEB-Salon-del-Automovil-DICOM-20250509-Barcelona-MoneoMoneo-0115-380x253.jpg 380w\" sizes=\"(max-width: 986px) 100vw, 986px\" \/><\/figure>\n<\/figure>\n\n\n\r\n<section  class=\"block-cta py-20 lg:py-32\">\r\n\r\n\t<div class=\"\">\r\n\r\n\t\t<div class=\"mx-auto text-center max-w-4xl\">\r\n\t\t\t\t\t\t\t<h2 class=\"mb-1.5 text-3xl font-light\">\r\n\t\t\t\t\t\u00bfTienes previsto participar en la pr\u00f3xima edici\u00f3n?\t\t\t\t<\/h2>\r\n\t\t\t\r\n\t\t\t\t\t\t\t<p class=\"mb-0 lg:mb-10 text-lg\">\r\n\t\t\t\t\t\u00a1D\u00e9jenos el stand a nosotros!\t\t\t\t<\/p>\r\n\t\t\t\r\n\t\t\t\t\t\t\t<a \r\n\t\t\t\t\thref=\"https:\/\/www.dicomevents.com\/contact\/\" \r\n\t\t\t\t\tclass=\"mt-6 button-black-ghost\"\r\n\t\t\t\t\t\t\t\t\t>\r\n\t\t\t\t\tHablemos\t\t\t\t<\/a>\r\n\t\t\t\t\t<\/div>\r\n\r\n\t<\/div>\r\n    \r\n<\/section>\n\n\n<p><\/p>\n","protected":false},"excerpt":{"rendered":"<p>Conceptualizamos, dise\u00f1amos y construimos un stand de 600 m\u00b2 que aunaba historia, presente e innovaci\u00f3n en una experiencia \u00fanica. Una arquitectura de l\u00edneas puras y colores sobrios rend\u00eda homenaje al legado de la marca al tiempo que proyectaba con audacia su visi\u00f3n de futuro. La imponente fachada, concebida como un lienzo vivo, cobraba vida a [&hellip;]<\/p>\n","protected":false},"author":2,"featured_media":4416,"parent":0,"menu_order":0,"comment_status":"open","ping_status":"closed","template":"","format":"standard","meta":{"_acf_changed":true},"etiqueta-proyecto":[40,47,100,105,139,140],"servicios":[33],"class_list":["post-4414","proyecto","type-proyecto","status-publish","format-standard","has-post-thumbnail","hentry","etiqueta-proyecto-diseno","etiqueta-proyecto-construccion","etiqueta-proyecto-design-2","etiqueta-proyecto-fair-es","etiqueta-proyecto-concepto","etiqueta-proyecto-feria","servicios-construccion"],"acf":[],"_links":{"self":[{"href":"https:\/\/www.dicomevents.com\/es\/wp-json\/wp\/v2\/proyecto\/4414","targetHints":{"allow":["GET"]}}],"collection":[{"href":"https:\/\/www.dicomevents.com\/es\/wp-json\/wp\/v2\/proyecto"}],"about":[{"href":"https:\/\/www.dicomevents.com\/es\/wp-json\/wp\/v2\/types\/proyecto"}],"author":[{"embeddable":true,"href":"https:\/\/www.dicomevents.com\/es\/wp-json\/wp\/v2\/users\/2"}],"replies":[{"embeddable":true,"href":"https:\/\/www.dicomevents.com\/es\/wp-json\/wp\/v2\/comments?post=4414"}],"wp:featuredmedia":[{"embeddable":true,"href":"https:\/\/www.dicomevents.com\/es\/wp-json\/wp\/v2\/media\/4416"}],"wp:attachment":[{"href":"https:\/\/www.dicomevents.com\/es\/wp-json\/wp\/v2\/media?parent=4414"}],"wp:term":[{"taxonomy":"etiqueta-proyecto","embeddable":true,"href":"https:\/\/www.dicomevents.com\/es\/wp-json\/wp\/v2\/etiqueta-proyecto?post=4414"},{"taxonomy":"servicios","embeddable":true,"href":"https:\/\/www.dicomevents.com\/es\/wp-json\/wp\/v2\/servicios?post=4414"}],"curies":[{"name":"wp","href":"https:\/\/api.w.org\/{rel}","templated":true}]}}